{"id":52,"date":"2022-11-04T10:03:39","date_gmt":"2022-11-04T09:03:39","guid":{"rendered":"http:\/\/tischlerei-herzog.de\/wordpress\/?page_id=52"},"modified":"2022-11-04T10:17:41","modified_gmt":"2022-11-04T09:17:41","slug":"historie","status":"publish","type":"page","link":"http:\/\/tischlerei-herzog.de\/wordpress\/firma\/historie\/","title":{"rendered":"Historie"},"content":{"rendered":"<h3 class=\"style1\">Tischlerei Herzog<\/h3>\n<ul>\n<li class=\"style1 style3\">\n<div id=\"attachment_61\" style=\"width: 310px\" class=\"wp-caption alignright\"><img loading=\"lazy\" decoding=\"async\" aria-describedby=\"caption-attachment-61\" class=\"size-medium wp-image-61\" src=\"http:\/\/tischlerei-herzog.de\/wordpress\/wp-content\/uploads\/2022\/11\/werkstatt_1890-300x189.jpg\" alt=\"Werkstatt um 1890\" width=\"300\" height=\"189\" srcset=\"http:\/\/tischlerei-herzog.de\/wordpress\/wp-content\/uploads\/2022\/11\/werkstatt_1890-300x189.jpg 300w, http:\/\/tischlerei-herzog.de\/wordpress\/wp-content\/uploads\/2022\/11\/werkstatt_1890.jpg 315w\" sizes=\"auto, (max-width: 300px) 100vw, 300px\" \/><p id=\"caption-attachment-61\" class=\"wp-caption-text\">Werkstatt um 1890<\/p><\/div>\n<p>15.10.1968 erh\u00e4lt Gerhard Herzog die Gewerbeerlaubnis \/ Gr\u00fcndung des eigenen Unternehmens mit der Bezeichnung &#8222;Holzbearbeitung Gerhard Herzog&#8220; in Blankenhain<\/li>\n<li class=\"style5\">am 18.10.1968 verkauft Arthur Krech aus Altersgr\u00fcnden seine Tischlerei in den gepachteten R\u00e4umen in der Wirthstra\u00dfe an Herrn Gerhard Herzog, zu diesem Zeitpunkt sind 2 Gesellen in Anstellung<\/li>\n<li class=\"style5\">da der B\u00fcrgermeister Wagner den Pachtvertrag \u00fcber die Werkstattr\u00e4ume in der Wirthstr. nicht verl\u00e4ngert erfolgt am 22.02.1969 der Umzug in die Gr. Nonnengasse<\/li>\n<li class=\"style5\">1969 Verkauf der Geb\u00e4ude an Herrn Gerhard Herzog durch Else Schlegel<\/li>\n<li class=\"style5\">in den folgenden Jahren wird das OG aus Werkstattr\u00e4umen zu Wohnr\u00e4umen f\u00fcr die Familie umgebaut, es erfolgt 1971 der Anbau eines Maschinenraumes und die Installation einer Zentralheizung<\/li>\n<li class=\"style5\">\n<div id=\"attachment_59\" style=\"width: 310px\" class=\"wp-caption alignright\"><img loading=\"lazy\" decoding=\"async\" aria-describedby=\"caption-attachment-59\" class=\"size-medium wp-image-59\" src=\"http:\/\/tischlerei-herzog.de\/wordpress\/wp-content\/uploads\/2022\/11\/werkstatt_1921-300x189.jpg\" alt=\"Werkstatt um 1921\" width=\"300\" height=\"189\" srcset=\"http:\/\/tischlerei-herzog.de\/wordpress\/wp-content\/uploads\/2022\/11\/werkstatt_1921-300x189.jpg 300w, http:\/\/tischlerei-herzog.de\/wordpress\/wp-content\/uploads\/2022\/11\/werkstatt_1921.jpg 315w\" sizes=\"auto, (max-width: 300px) 100vw, 300px\" \/><p id=\"caption-attachment-59\" class=\"wp-caption-text\">Werkstatt um 1921<\/p><\/div>\n<p>neben den von Arthur Krech bekannten Produkten f\u00fcr die NVA wurden Schrankw\u00e4nde, K\u00fcchen und Kleinm\u00f6bel f\u00fcr die Bev\u00f6lkerung hergestellt, Wetterh\u00fctten bestellten auch die Talsperrenverwaltungen, Schulen, der Deutsche Wetterdienst in Potsdam und LPG\u00b4s<\/li>\n<li class=\"style5\">1981 kommt es mit der Stadt zu einem Erbpachtvertrag \u00fcber 50 Jahre \u00fcber ein Teilst\u00fcck auf dem angrenzenden Gel\u00e4nde der ehemaligen Firma Knopf und Kieser, die bestehenden \u00dcberdachungen sind ideal f\u00fcr die Holzlagerung, da das Gel\u00e4nde mehrere Jahre brach lag, waren viele Aufr\u00e4umungs- und Instandsetzungsarbeiten erforderlich<\/li>\n<li class=\"style5\">nach knapp 6 Jahren erfolgt die K\u00fcndigung des Pachtvertrages, da nun das heutige Gymnasium hier entstehen sollte<\/li>\n<li class=\"style5\">zum Gl\u00fcck konnte 1988 das benachbarte Gartengrundst\u00fcck erworben werden, im gleichen Jahr wurde darauf ein Massivholz- und Plattenlager gebaut, es dient heute mit als Zuschnitt, auch begann der Sohn Hagen Herzog seine Lehre zum M\u00f6beltischler<\/li>\n<li class=\"style5\">1990 bestandene Gesellenpr\u00fcfung von Hagen Herzog, mit der Wende mu\u00dfte sich die Firma am Markt neu Positionieren, LPG\u00b4s und andere Firmen traten \u00fcber Nacht von Vertr\u00e4gen zur\u00fcck<\/li>\n<li class=\"style5\">\n<div id=\"attachment_60\" style=\"width: 310px\" class=\"wp-caption alignright\"><img loading=\"lazy\" decoding=\"async\" aria-describedby=\"caption-attachment-60\" class=\"size-medium wp-image-60\" src=\"http:\/\/tischlerei-herzog.de\/wordpress\/wp-content\/uploads\/2022\/11\/werkstatt_1991-300x164.jpg\" alt=\"Werkstatt 1991\" width=\"300\" height=\"164\" srcset=\"http:\/\/tischlerei-herzog.de\/wordpress\/wp-content\/uploads\/2022\/11\/werkstatt_1991-300x164.jpg 300w, http:\/\/tischlerei-herzog.de\/wordpress\/wp-content\/uploads\/2022\/11\/werkstatt_1991.jpg 315w\" sizes=\"auto, (max-width: 300px) 100vw, 300px\" \/><p id=\"caption-attachment-60\" class=\"wp-caption-text\">Werkstatt 1991<\/p><\/div>\n<p>1991 erfolgte ein Stra\u00dfenbau mit \u00c4nderung des Fahrbahnverlaufs der anliegenden Stra\u00dfe<\/li>\n<li class=\"style5\">als Hauptkundschaft wurden Eigenheimbesitzer, Privatpersonen und Firmen avisiert, in diesem Zuge wurde die Firmenbezeichnung Tischlerei Herzog gew\u00e4hlt<\/li>\n<li class=\"style5\">das Angebot wird seitdem durch Handel und Montage von Fenstern, T\u00fcren sowie K\u00fcchen mit dem entsprechenden Zubeh\u00f6r abgerundet<\/li>\n<li class=\"style5\">seit 1992 werden auch Balkonverkleidungen aus Holz angeboten<\/li>\n<li class=\"style5\">1992 bis 1996 absolvierte Hagen Herzog die Meisterschule<\/li>\n<li class=\"style5\">1995 wurde das Einzelunternehmen von Gerhard Herzog in eine Gesellschaft b\u00fcrgerlichen Rechts mit Hagen und Gerhard Herzog als Gesellschafter umgewandelt<\/li>\n<li class=\"style5\">1996 erlangte Hagen Herzog den Abschlu\u00df der Meisterschule mit der Auszeichnung als bester Pr\u00fcfling im Tischlerhandwerk<\/li>\n<li class=\"style5\">im gleichen Jahr bis 1997 erfolgten intensive Umbauarbeiten \/ Neubau der Werkstatt<\/li>\n<li class=\"style5\">im Dezember 2000 Start des Internetauftritt\u00b4s<\/li>\n<li class=\"style1\"><span class=\"style3\">01.01.03 Umwandlung der GbR in ein Einzelunternehmen &#8211; Inhaber Hagen Herzog<a class=\"an\" name=\"a1\"><\/a><\/span><span class=\"style4\"><a class=\"an\" name=\"a1\"><\/a><\/span><a class=\"an\" name=\"a1\"><\/a><br \/>\n<hr width=\"70%\" \/>\n<p><a class=\"an\" name=\"a1\"><\/a><\/p>\n<h3><a class=\"an\" name=\"a1\"><\/a>Tischlerei Kurt Schlegel<\/h3>\n<\/li>\n<li class=\"style5\">Werkstatt um 1890\n<p>Gr. Nonnengasse 24 Gr\u00fcndung unbekannt &#8211; alteingesessen<\/li>\n<li class=\"style5\">aus Bauakten sind die Baut\u00e4tigkeiten aus 1867, der Anbau des Wohnhauses 1883 bekannt<\/li>\n<li class=\"style5\">Foto um 1890\u00a0einst\u00f6ckiges Werkstattgeb\u00e4ude und Wohnhaus mit einem OG<\/li>\n<li class=\"style5\">nach dem Tod der Eltern erben die Br\u00fcder Max Schlegel das Wohnhaus und Kurt Schlegel die Werkstatt<\/li>\n<li class=\"style5\">Aufstockung des Werkstattgeb\u00e4udes\u00a0(optische Angleichung an das Wohnhaus) laut Akten 1921<\/li>\n<li class=\"style5\">Bau- und M\u00f6beltischlerei (Herstellung von K\u00fcchen und S\u00e4rgen)<\/li>\n<li class=\"style5\">kleines Gesch\u00e4ft mit Farben- und Lackhandel in den Werkstattr\u00e4umen, gleich links neben Eingangst\u00fcr (gro\u00dfes Fenster)<\/li>\n<li class=\"style5\">1948 mu\u00dfte wegen Wintersch\u00e4den das Holzlager wiederaufgebaut werden<\/li>\n<li class=\"style5\">in den 50-er Jahren Aufgabe der Tischlerei von Kurt Schlegel aus Altersgr\u00fcnden<\/li>\n<li class=\"style5\">Verpachtung der R\u00e4ume an Holzbearbeitung Arthur Krech und im Untergescho\u00df an die Sonderschule als Werkr\u00e4ume, ehemaliger Laden dient als Klassenzimmer<\/li>\n<li class=\"style5\">1964 politechn. Unterricht in den oberen und unteren R\u00e4umen, auch Maschinenbenutzung<\/li>\n<li class=\"style5\">die Fa. Krech f\u00fchrt hier die Endmontage und Lackierung der Wetterh\u00fctten aus<\/li>\n<li class=\"style5\">seit ca. 1967 nur noch an Arthur Krech vermietet<\/li>\n<li class=\"style1\"><span class=\"style4\">1969 Verkauf der Geb\u00e4ude an Herrn Gerhard Herzog durch Else Schlegel<a class=\"an\" name=\"a2\"><\/a><\/span><a class=\"an\" name=\"a2\"><\/a><br \/>\n<hr width=\"70%\" \/>\n<p><a class=\"an\" name=\"a2\"><\/a><\/p>\n<h3><a class=\"an\" name=\"a2\"><\/a>Holzbearbeitung Arthur Krech<\/h3>\n<\/li>\n<li class=\"style5\">Arthur Krech arbeitete vor dem Krieg als Lehrmeister in der Gesch\u00fctzten Werkstatt in Egendorf<\/li>\n<li class=\"style5\">Gr\u00fcndung des eigenen Unternehmens nach 1945<\/li>\n<li class=\"style5\">das erste Bekannte ist die Herstellung von W\u00e4scheklammern nach 1945 im Erdgescho\u00df des\u00a0Schwesternwohnheims\u00a0(Kolonie) des Krankenhauses in der Wirthstr. (zuletzt Krippe Krankenhaus)<\/li>\n<li class=\"style5\">weitere Produkte sind Kinderspielzeug, Holzbroschen und Verkaufsk\u00e4sten f\u00fcr Kn\u00f6pfe und Zwirne<\/li>\n<li class=\"style5\">ca. 1954 werden hier mit 5-6 Gesellen ( u.a. Herbert H\u00f6ngen) Wetterh\u00fctten und Bienenh\u00e4user \/-zubeh\u00f6r hergestellt<\/li>\n<li class=\"style5\">im gleichen Jahr Umzug in die Nudelfabrik (Brauhaus\u00a0in der Brauhausstr.) hier ist die Herstellung von Wetterh\u00fctten und Bienenh\u00e4usern bekannt, Verweildauer nur wenige Jahre (max. 5)<\/li>\n<li class=\"style5\">Firmenbezeichnung zu diesem Zeitpunkt &#8222;Holzwarenfabrik &#8211; Helmut Krech&#8220; (Sohn von Arthur Krech)<\/li>\n<li class=\"style5\">Helmut Krech siedelte auf das Gebiet der damaligen BRD \u00fcber, Arthur Krech betreibt die Firma weiter<\/li>\n<li class=\"style5\">Umzug in das rote Backsteinhaus in der Wirthstr., vormals K\u00fchn und Key, Pachtvertrag mit der Stadt<\/li>\n<li class=\"style5\">dies geschah vor der Anstellung unseres Zeitzeugens Walter Kuhnert am 09.09.1959, die Firma besch\u00e4ftigt zu dieser Zeit 8\u00a0Gesellen<\/li>\n<li class=\"style5\">als Hauptkunde (&gt;80%) ist die NVA bekannt, Produkte sind Wetterh\u00fctten, Schutzh\u00fctten f\u00fcr diverse Luftmessungen und -\u00fcberwachungen, aber auch B\u00fcro- und andere M\u00f6bel<\/li>\n<li class=\"style5\">weitere Produkte sind Imkereizubeh\u00f6r und Klappliegen f\u00fcr Tuberkulosekranke der Heilst\u00e4tte Bad Berka und Blankenhain<\/li>\n<li class=\"style1\"><span class=\"style4\">am 18.10.1968 verkauft Arthur Krech aus Altersgr\u00fcnden seine Tischlerei an Herrn Gerhard Herzog, zu diesem Zeitpunkt sind 2 Gesellen (Walter Kuhnert, Hans Merten) in Anstellung<a class=\"an\" name=\"a3\"><\/a><\/span><a class=\"an\" name=\"a3\"><\/a><br \/>\n<hr width=\"70%\" \/>\n<p><a class=\"an\" name=\"a3\"><\/a><\/p>\n<h3><a class=\"an\" name=\"a3\"><\/a>Gerhard Herzog<\/h3>\n<\/li>\n<li class=\"style5\">Gerhard Herzog wird 1940 in Senitz (Schlesien) geboren, in den Kriegsjahren erfolgt die Umsiedlung nach Pausa (Vogtland)<\/li>\n<li class=\"style5\">1954-57 Lehre als M\u00f6beltischler in den VEB Ostth\u00fcringer M\u00f6belwerken des Nachbarortes Zeulenroda, anschlie\u00dfend Arbeit in verschiedenen Betriebsteilen der M\u00f6belwerke<\/li>\n<li class=\"style5\">ab 1962 Geselle in der Holzbildhauerei Weithaas Zeulenroda zur Ausf\u00fchrung der Tischlerarbeiten(Sitzecken, Stilm\u00f6bel)<\/li>\n<li class=\"style5\">1967 bestandene Meisterpr\u00fcfung im Tischlerhandwerk bei der Handwerkskammer Gera<\/li>\n<li class=\"style5\">15.10.1968 Erhalt der Gewerbeerlaubnis \/ Gr\u00fcndung des eigenen Unternehmens in Blankenhain<br \/>\n<hr width=\"70%\" \/>\n<\/li>\n<\/ul>\n<ul>\n<li><span style=\"font-family: verdana;\"><span class=\"style5\">Es ist meist sehr schwierig, Wissen \u00fcber zur\u00fcckliegende Zeiten zu erlangen. Sollten Ihnen Informationen, die mit der Vergangenheit unserer Firma zusammenh\u00e4ngen und noch nicht hier genannt sind, bekannt sein, bitten wir Sie, uns zu berichten. Auch kleinste Details werden dankbar angenommen.<br \/>\n<\/span><\/span><\/li>\n<\/ul>\n","protected":false},"excerpt":{"rendered":"<p>Tischlerei Herzog 15.10.1968 erh\u00e4lt Gerhard Herzog die Gewerbeerlaubnis \/ Gr\u00fcndung des eigenen Unternehmens mit der Bezeichnung &#8222;Holzbearbeitung Gerhard Herzog&#8220; in Blankenhain am 18.10.1968 verkauft Arthur Krech aus Altersgr\u00fcnden seine Tischlerei in den gepachteten R\u00e4umen in der Wirthstra\u00dfe an Herrn Gerhard Herzog, zu diesem Zeitpunkt sind 2 Gesellen in Anstellung da der B\u00fcrgermeister Wagner den Pachtvertrag [&hellip;]<\/p>\n","protected":false},"author":1,"featured_media":0,"parent":6,"menu_order":0,"comment_status":"closed","ping_status":"closed","template":"","meta":{"footnotes":""},"class_list":["post-52","page","type-page","status-publish","hentry","content-columns-1"],"_links":{"self":[{"href":"http:\/\/tischlerei-herzog.de\/wordpress\/wp-json\/wp\/v2\/pages\/52","targetHints":{"allow":["GET"]}}],"collection":[{"href":"http:\/\/tischlerei-herzog.de\/wordpress\/wp-json\/wp\/v2\/pages"}],"about":[{"href":"http:\/\/tischlerei-herzog.de\/wordpress\/wp-json\/wp\/v2\/types\/page"}],"author":[{"embeddable":true,"href":"http:\/\/tischlerei-herzog.de\/wordpress\/wp-json\/wp\/v2\/users\/1"}],"replies":[{"embeddable":true,"href":"http:\/\/tischlerei-herzog.de\/wordpress\/wp-json\/wp\/v2\/comments?post=52"}],"version-history":[{"count":9,"href":"http:\/\/tischlerei-herzog.de\/wordpress\/wp-json\/wp\/v2\/pages\/52\/revisions"}],"predecessor-version":[{"id":72,"href":"http:\/\/tischlerei-herzog.de\/wordpress\/wp-json\/wp\/v2\/pages\/52\/revisions\/72"}],"up":[{"embeddable":true,"href":"http:\/\/tischlerei-herzog.de\/wordpress\/wp-json\/wp\/v2\/pages\/6"}],"wp:attachment":[{"href":"http:\/\/tischlerei-herzog.de\/wordpress\/wp-json\/wp\/v2\/media?parent=52"}],"curies":[{"name":"wp","href":"https:\/\/api.w.org\/{rel}","templated":true}]}}