{"id":24,"date":"2016-01-04T20:42:12","date_gmt":"2016-01-04T19:42:12","guid":{"rendered":"http:\/\/tischlerei-herzog.de\/wordpress\/?page_id=24"},"modified":"2022-11-04T10:42:26","modified_gmt":"2022-11-04T09:42:26","slug":"restauration","status":"publish","type":"page","link":"http:\/\/tischlerei-herzog.de\/wordpress\/restauration\/","title":{"rendered":"Restauration"},"content":{"rendered":"<div id=\"attachment_102\" style=\"width: 310px\" class=\"wp-caption alignright\"><img loading=\"lazy\" decoding=\"async\" aria-describedby=\"caption-attachment-102\" class=\"size-medium wp-image-102\" src=\"http:\/\/tischlerei-herzog.de\/wordpress\/wp-content\/uploads\/2022\/11\/restau_3a-300x207.jpg\" alt=\"Altes M\u00f6belst\u00fcck\" width=\"300\" height=\"207\" srcset=\"http:\/\/tischlerei-herzog.de\/wordpress\/wp-content\/uploads\/2022\/11\/restau_3a-300x207.jpg 300w, http:\/\/tischlerei-herzog.de\/wordpress\/wp-content\/uploads\/2022\/11\/restau_3a.jpg 315w\" sizes=\"auto, (max-width: 300px) 100vw, 300px\" \/><p id=\"caption-attachment-102\" class=\"wp-caption-text\">Altes M\u00f6belst\u00fcck<\/p><\/div>\n<p class=\"style1\">Immer wieder erfreuen sich die Kinder oder Enkel an den M\u00f6beln aus Uromas Zeiten. Auch gibt man manches St\u00fcck, mit Kindheitserinnerungen behaftet, nicht gern her, mag es auch noch so ramponiert sein.<\/p>\n<p class=\"style1\">Aufgrund unserer langj\u00e4hrigen Erfahrung im handwerklichen M\u00f6belbau k\u00f6nnen wir Ihren St\u00fccken zu neuem Glanz verhelfen. Der Laie kann oft den Zustand eines M\u00f6bels nicht einsch\u00e4tzen, auch der Fachmann erkennt den gesamten Arbeitsumfang meist erst w\u00e4hrend der Aufarbeitung. \u00dcber ungef\u00e4hre Kosten k\u00f6nnen Sie aber schnell eine Antwort erhalten.<\/p>\n<p class=\"style1\">Der Lack und die Pflege in all den Jahren.<br \/>\nDie liebevoll pflegende Hausfrau reibt Ihre M\u00f6bel gern mit M\u00f6belpolitur ein. Was erreicht Sie dadurch? Das M\u00f6bel erstrahlt in neuem Glanz, kleine Flecken verschwinden und die Oberfl\u00e4che ist f\u00fcr kurze Zeit gesch\u00fctzt.<\/p>\n<div id=\"attachment_103\" style=\"width: 257px\" class=\"wp-caption alignright\"><img loading=\"lazy\" decoding=\"async\" aria-describedby=\"caption-attachment-103\" class=\"size-medium wp-image-103\" src=\"http:\/\/tischlerei-herzog.de\/wordpress\/wp-content\/uploads\/2022\/11\/restau_3c-247x300.jpg\" alt=\"Teilrestauriertes M\u00f6belst\u00fcck\" width=\"247\" height=\"300\" srcset=\"http:\/\/tischlerei-herzog.de\/wordpress\/wp-content\/uploads\/2022\/11\/restau_3c-247x300.jpg 247w, http:\/\/tischlerei-herzog.de\/wordpress\/wp-content\/uploads\/2022\/11\/restau_3c.jpg 259w\" sizes=\"auto, (max-width: 247px) 100vw, 247px\" \/><p id=\"caption-attachment-103\" class=\"wp-caption-text\">Teilrestauriertes M\u00f6belst\u00fcck<\/p><\/div>\n<p class=\"style1\">Haben Sie einmal die Schnitzereien oder Profile genauer betrachtet? Mit jeder neuen Pflege reiben Sie etwas Staub und Pflegemittel in die Fugen und Kanten, es entstehen h\u00e4\u00dfliche schwarze R\u00e4nder (mancher sagt, es sieht sch\u00f6n alt aus). Wenn Sie nun nach all den Jahren Ihr gutes St\u00fcck dem Fachmann \u00fcberlassen, machen Sie es dem Tischler sehr schwer. Diese &#8222;Trauerr\u00e4nder&#8220; lassen sich nur sehr schlecht entfernen, sind es doch mittlerweile richtig klebrig-harte Verzierungen geworden, deren Reinigung zwingen erforderlich ist, denn es sieht nicht sch\u00f6n aus und bei der fast immer erforderlichen Oberfl\u00e4chenbehandlung wird an diesen Stellen der Lack nicht richtig auf der Oberfl\u00e4che haften. Der Lack bekommt ein &#8222;Orangenhaut&#8220; oder platzt ab.<\/p>\n<p class=\"style1\"><b>Die richtige Pflege<\/b><br \/>\nReinigen Sie Ihre M\u00f6bel mit einem trockenen Lappen, bei starken Verschmutzungen k\u00f6nnen Sie auch einen etwas feuchten Lappen verwenden, aber sofort trocken nachwischen.<\/p>\n<p>Restauriertes M\u00f6belst\u00fcck<\/p>\n<p class=\"style1\">Wischen Sie immer mit der Faserrichtung (besonders bei grobporigem Holz). Beim Querwischen reiben Sie feinsten Dreck in die Poren (nach Jahren erscheinen diese Stellen total dunkel &#8211; extrem bei hellen Fl\u00e4chen oder z.B. Esche wei\u00df).<\/p>\n<div id=\"attachment_104\" style=\"width: 310px\" class=\"wp-caption alignright\"><img loading=\"lazy\" decoding=\"async\" aria-describedby=\"caption-attachment-104\" class=\"size-medium wp-image-104\" src=\"http:\/\/tischlerei-herzog.de\/wordpress\/wp-content\/uploads\/2022\/11\/restau_6f-300x190.jpg\" alt=\"Restauriertes M\u00f6belst\u00fcck\" width=\"300\" height=\"190\" srcset=\"http:\/\/tischlerei-herzog.de\/wordpress\/wp-content\/uploads\/2022\/11\/restau_6f-300x190.jpg 300w, http:\/\/tischlerei-herzog.de\/wordpress\/wp-content\/uploads\/2022\/11\/restau_6f.jpg 315w\" sizes=\"auto, (max-width: 300px) 100vw, 300px\" \/><p id=\"caption-attachment-104\" class=\"wp-caption-text\">Restauriertes M\u00f6belst\u00fcck<\/p><\/div>\n<p class=\"style1\">Sch\u00fctzen Sie helle wie dunkle M\u00f6bel vor direkter Sonneneinstrahlung. Helle H\u00f6lzer dunkeln unter Sonneneinwirkung nach, bei dunklen &#8222;zieht&#8220; die Sonne die Farbe.<br \/>\nBlumen oder andere &#8222;w\u00e4ssrige Sachen&#8220; sollten nur mit Untersetzer abgestellt werden. Pf\u00fctzen sofort aufwischen.<\/p>\n","protected":false},"excerpt":{"rendered":"<p>Immer wieder erfreuen sich die Kinder oder Enkel an den M\u00f6beln aus Uromas Zeiten. Auch gibt man manches St\u00fcck, mit Kindheitserinnerungen behaftet, nicht gern her, mag es auch noch so ramponiert sein. Aufgrund unserer langj\u00e4hrigen Erfahrung im handwerklichen M\u00f6belbau k\u00f6nnen wir Ihren St\u00fccken zu neuem Glanz verhelfen. Der Laie kann oft den Zustand eines M\u00f6bels [&hellip;]<\/p>\n","protected":false},"author":1,"featured_media":0,"parent":0,"menu_order":0,"comment_status":"closed","ping_status":"closed","template":"","meta":{"footnotes":""},"class_list":["post-24","page","type-page","status-publish","hentry","content-columns-1"],"_links":{"self":[{"href":"http:\/\/tischlerei-herzog.de\/wordpress\/wp-json\/wp\/v2\/pages\/24","targetHints":{"allow":["GET"]}}],"collection":[{"href":"http:\/\/tischlerei-herzog.de\/wordpress\/wp-json\/wp\/v2\/pages"}],"about":[{"href":"http:\/\/tischlerei-herzog.de\/wordpress\/wp-json\/wp\/v2\/types\/page"}],"author":[{"embeddable":true,"href":"http:\/\/tischlerei-herzog.de\/wordpress\/wp-json\/wp\/v2\/users\/1"}],"replies":[{"embeddable":true,"href":"http:\/\/tischlerei-herzog.de\/wordpress\/wp-json\/wp\/v2\/comments?post=24"}],"version-history":[{"count":5,"href":"http:\/\/tischlerei-herzog.de\/wordpress\/wp-json\/wp\/v2\/pages\/24\/revisions"}],"predecessor-version":[{"id":108,"href":"http:\/\/tischlerei-herzog.de\/wordpress\/wp-json\/wp\/v2\/pages\/24\/revisions\/108"}],"wp:attachment":[{"href":"http:\/\/tischlerei-herzog.de\/wordpress\/wp-json\/wp\/v2\/media?parent=24"}],"curies":[{"name":"wp","href":"https:\/\/api.w.org\/{rel}","templated":true}]}}